{"id":11054,"date":"2024-04-29T10:05:03","date_gmt":"2024-04-29T07:05:03","guid":{"rendered":"https:\/\/www.akillisehir.istanbul\/?page_id=11054"},"modified":"2024-06-26T15:06:39","modified_gmt":"2024-06-26T12:06:39","slug":"trafik-talep-yonetimi","status":"publish","type":"page","link":"https:\/\/www.akillisehir.istanbul\/en\/trafik-talep-yonetimi\/","title":{"rendered":"Traffic Demand Management"},"content":{"rendered":"<div data-elementor-type=\"wp-page\" data-elementor-id=\"11054\" class=\"elementor elementor-11054\">\n\t\t\t\t<div class=\"elementor-element elementor-element-adcb01d e-con-full e-flex e-con e-parent\" data-id=\"adcb01d\" data-element_type=\"container\" data-settings=\"{&quot;content_width&quot;:&quot;full&quot;,&quot;background_background&quot;:&quot;classic&quot;}\" data-core-v316-plus=\"true\">\n\t\t<div class=\"elementor-element elementor-element-792f9a26 e-con-full e-flex e-con e-child\" data-id=\"792f9a26\" data-element_type=\"container\" data-settings=\"{&quot;content_width&quot;:&quot;full&quot;,&quot;background_background&quot;:&quot;classic&quot;}\">\n\t\t\t\t<div class=\"elementor-element elementor-element-64737862 elementor-widget__width-initial elementor-widget elementor-widget-heading\" data-id=\"64737862\" data-element_type=\"widget\" data-widget_type=\"heading.default\">\n\t\t\t\t<div class=\"elementor-widget-container\">\n\t\t\t<style>\/*! elementor - v3.19.0 - 07-02-2024 *\/\n.elementor-heading-title{padding:0;margin:0;line-height:1}.elementor-widget-heading .elementor-heading-title[class*=elementor-size-]>a{color:inherit;font-size:inherit;line-height:inherit}.elementor-widget-heading .elementor-heading-title.elementor-size-small{font-size:15px}.elementor-widget-heading .elementor-heading-title.elementor-size-medium{font-size:19px}.elementor-widget-heading .elementor-heading-title.elementor-size-large{font-size:29px}.elementor-widget-heading .elementor-heading-title.elementor-size-xl{font-size:39px}.elementor-widget-heading .elementor-heading-title.elementor-size-xxl{font-size:59px}<\/style><h2 class=\"elementor-heading-title elementor-size-default\">PROJECT<\/h2>\t\t<\/div>\n\t\t\t\t<\/div>\n\t\t\t\t<div class=\"elementor-element elementor-element-5c4d4109 elementor-widget__width-initial elementor-widget elementor-widget-heading\" data-id=\"5c4d4109\" data-element_type=\"widget\" data-widget_type=\"heading.default\">\n\t\t\t\t<div class=\"elementor-widget-container\">\n\t\t\t<h2 class=\"elementor-heading-title elementor-size-default\">MO.SG3.I3.P1<\/h2>\t\t<\/div>\n\t\t\t\t<\/div>\n\t\t\t\t<\/div>\n\t\t\t\t<div class=\"elementor-element elementor-element-7ce74b6f elementor-widget elementor-widget-heading\" data-id=\"7ce74b6f\" data-element_type=\"widget\" data-widget_type=\"heading.default\">\n\t\t\t\t<div class=\"elementor-widget-container\">\n\t\t\t<h2 class=\"elementor-heading-title elementor-size-default\">Traffic Demand Management<\/h2>\t\t<\/div>\n\t\t\t\t<\/div>\n\t\t\t\t<div class=\"elementor-element elementor-element-78f1b24d elementor-widget elementor-widget-text-editor\" data-id=\"78f1b24d\" data-element_type=\"widget\" data-widget_type=\"text-editor.default\">\n\t\t\t\t<div class=\"elementor-widget-container\">\n\t\t\t<style>\/*! elementor - v3.19.0 - 07-02-2024 *\/\n.elementor-widget-text-editor.elementor-drop-cap-view-stacked .elementor-drop-cap{background-color:#69727d;color:#fff}.elementor-widget-text-editor.elementor-drop-cap-view-framed .elementor-drop-cap{color:#69727d;border:3px solid;background-color:transparent}.elementor-widget-text-editor:not(.elementor-drop-cap-view-default) .elementor-drop-cap{margin-top:8px}.elementor-widget-text-editor:not(.elementor-drop-cap-view-default) .elementor-drop-cap-letter{width:1em;height:1em}.elementor-widget-text-editor .elementor-drop-cap{float:left;text-align:center;line-height:1;font-size:50px}.elementor-widget-text-editor .elementor-drop-cap-letter{display:inline-block}<\/style>\t\t\t\t<div class=\"row\"><div class=\"col-12\"><p>Establishment of dynamic pricing and high occupancy vehicle prioritization systems to reduce traffic congestion<\/p><ul type=\"disc\"><li>Reducing traffic congestion<\/li><li>Ara\u00e7 payla\u015f\u0131m\u0131 ile trafikteki ara\u00e7 say\u0131s\u0131n\u0131n azalt\u0131larak \u00e7evre \u00fczerindeki olumsuz etkinin azalt\u0131lmas\u0131<\/li><\/ul><\/div><\/div>\t\t\t\t\t\t<\/div>\n\t\t\t\t<\/div>\n\t\t<div class=\"elementor-element elementor-element-537af67 e-flex e-con-boxed e-con e-child\" data-id=\"537af67\" data-element_type=\"container\" data-settings=\"{&quot;content_width&quot;:&quot;boxed&quot;}\">\n\t\t\t\t\t<div class=\"e-con-inner\">\n\t\t\t\t<div class=\"elementor-element elementor-element-2b5be43e elementor-widget__width-initial elementor-widget-mobile__width-initial elementor-widget elementor-widget-image\" data-id=\"2b5be43e\" data-element_type=\"widget\" data-widget_type=\"image.default\">\n\t\t\t\t<div class=\"elementor-widget-container\">\n\t\t\t<style>\/*! elementor - v3.19.0 - 07-02-2024 *\/\n.elementor-widget-image{text-align:center}.elementor-widget-image a{display:inline-block}.elementor-widget-image a img[src$=\".svg\"]{width:48px}.elementor-widget-image img{vertical-align:middle;display:inline-block}<\/style>\t\t\t\t\t\t\t\t\t\t<img fetchpriority=\"high\" decoding=\"async\" width=\"501\" height=\"482\" src=\"https:\/\/www.akillisehir.istanbul\/wp-content\/uploads\/2024\/12\/Varlik-9.png\" class=\"attachment-large size-large wp-image-17415\" alt=\"\" \/>\t\t\t\t\t\t\t\t\t\t\t\t\t<\/div>\n\t\t\t\t<\/div>\n\t\t\t\t\t<\/div>\n\t\t\t\t<\/div>\n\t\t\t\t<div class=\"elementor-element elementor-element-71d061ab elementor-widget elementor-widget-heading\" data-id=\"71d061ab\" data-element_type=\"widget\" data-widget_type=\"heading.default\">\n\t\t\t\t<div class=\"elementor-widget-container\">\n\t\t\t<h2 class=\"elementor-heading-title elementor-size-default\">Smart Mobility<\/h2>\t\t<\/div>\n\t\t\t\t<\/div>\n\t\t\t\t<\/div>\n\t\t\t\t<\/div>","protected":false},"excerpt":{"rendered":"<p>proje MO.SA3.I3.P1 Trafik Talep Y\u00f6netimi Trafik s\u0131k\u0131\u015f\u0131kl\u0131\u011f\u0131n\u0131 azaltmaya y\u00f6nelik dinamik \u00fccretlendirme ve y\u00fcksek dolulukta ara\u00e7 \u00f6nceliklendirme sistemlerinin kurulmas\u0131 Trafik s\u0131k\u0131\u015f\u0131kl\u0131\u011f\u0131n\u0131n azalt\u0131lmas\u0131 Ara\u00e7 payla\u015f\u0131m\u0131 ile trafikteki ara\u00e7 say\u0131s\u0131n\u0131n azalt\u0131larak \u00e7evre \u00fczerindeki olumsuz etkinin azalt\u0131lmas\u0131 Ak\u0131ll\u0131 Mobilite<\/p>","protected":false},"author":5,"featured_media":0,"parent":0,"menu_order":0,"comment_status":"closed","ping_status":"closed","template":"","meta":{"footnotes":""},"class_list":["post-11054","page","type-page","status-publish","hentry"],"_links":{"self":[{"href":"https:\/\/www.akillisehir.istanbul\/en\/wp-json\/wp\/v2\/pages\/11054","targetHints":{"allow":["GET"]}}],"collection":[{"href":"https:\/\/www.akillisehir.istanbul\/en\/wp-json\/wp\/v2\/pages"}],"about":[{"href":"https:\/\/www.akillisehir.istanbul\/en\/wp-json\/wp\/v2\/types\/page"}],"author":[{"embeddable":true,"href":"https:\/\/www.akillisehir.istanbul\/en\/wp-json\/wp\/v2\/users\/5"}],"replies":[{"embeddable":true,"href":"https:\/\/www.akillisehir.istanbul\/en\/wp-json\/wp\/v2\/comments?post=11054"}],"version-history":[{"count":10,"href":"https:\/\/www.akillisehir.istanbul\/en\/wp-json\/wp\/v2\/pages\/11054\/revisions"}],"predecessor-version":[{"id":23631,"href":"https:\/\/www.akillisehir.istanbul\/en\/wp-json\/wp\/v2\/pages\/11054\/revisions\/23631"}],"wp:attachment":[{"href":"https:\/\/www.akillisehir.istanbul\/en\/wp-json\/wp\/v2\/media?parent=11054"}],"curies":[{"name":"wp","href":"https:\/\/api.w.org\/{rel}","templated":true}]}}